{"id":2163,"date":"2023-12-14T22:54:01","date_gmt":"2023-12-14T20:54:01","guid":{"rendered":"https:\/\/www.anofm.ro\/conducere\/"},"modified":"2025-03-25T14:22:39","modified_gmt":"2025-03-25T12:22:39","slug":"conducere","status":"publish","type":"page","link":"https:\/\/www.anofm.ro\/timis\/conducere\/","title":{"rendered":"Conducere"},"content":{"rendered":"\n<h2 class=\"wp-block-heading\">Conducere<\/h2>\n\n\n\t\t\t\t\t<div class=\"team-member\">\n\t\t\t\t\t\t<div class=\"team-member-details\">\n\n\t\t\t\t\t\t\t\t\t\t\t\t\t\t<h2>\n\t\t\t\t\t\t\t\tKASAI PAULA-ROXANA\t\t\t\t\t\t\t\t<\/h2>\n\t\t\t\t\t\t\t\t\t\t\t\t\t\t\t\t\t<p class=\"h4\">Director Executiv<\/p>\n\t\t\t\t\t\t\t\t\t\n\t\t\t\t\t\t<\/div>\n\t\t\t\t\t<\/div>\n\t\t\t\t\t\t\t\t\t<div class=\"team-member\">\n\t\t\t\t\t\t<div class=\"team-member-details\">\n\n\t\t\t\t\t\t\t\t\t\t\t\t\t\t<h2>\n\t\t\t\t\t\t\t\t&#8211;\t\t\t\t\t\t\t\t<\/h2>\n\t\t\t\t\t\t\t\t\t\t\t\t\t\t\t\t\t<p class=\"h4\">Director Executiv Adjunct<\/p>\n\t\t\t\t\t\t\t\t\t\n\t\t\t\t\t\t<\/div>\n\t\t\t\t\t<\/div>\n\t\t\t\t\n\n\n<h2 class=\"wp-block-heading\">Consiliu consultativ<\/h2>\n\n\n\n<figure class=\"wp-block-table\"><table><tbody><tr><td>Nr. crt.<\/td><td>Nume \u0219i prenume<\/td><td>Institu\u021bia reprezentat\u0103<\/td><\/tr><tr><td>1<\/td><td>POPESCU ANCA ANDREEA<\/td><td>PREFECTURA TIMI\u0218<\/td><\/tr><tr><td>2<\/td><td>ZAMFIROIU AURICA<\/td><td>CONSILIUL JUDE\u021aEAN TIMI\u0218<\/td><\/tr><tr><td>3<\/td><td>DANIELESCU AURA-CODRU\u021aA<\/td><td>INSPECTORATUL \u0218COLAR JUDE\u021aEAN<\/td><\/tr><tr><td>4<\/td><td>RADA RODICA<\/td><td>CONFEDERA\u021aIA NA\u021aIONAL\u0102 A SINDICATELOR LIBERE DIN ROM\u00c2NIA &#8222;FR\u0102\u021aIA&#8221;<\/td><\/tr><tr><td>5<\/td><td>\u021aEPE\u0218 VICTOR<\/td><td>BLOCUL NA\u021aIONAL SINDICAL<\/td><\/tr><tr><td>6<\/td><td>GABOR IOAN-DORU<\/td><td>CONFEDERA\u021aIA SINDICAL\u0102 NA\u021aIONAL\u0102 &#8222;MERIDIAN&#8221;<\/td><\/tr><tr><td>7<\/td><td>BILAVU RADU-R\u00ceNDUNEL<\/td><td>CONFEDERA\u021aIA SINDICATELOR DEMOCRATICE DIN ROM\u00c2NIA (C.S.D.R.)<\/td><\/tr><tr><td>8<\/td><td>DUMA SEBASTIAN-TITUS<\/td><td>CONFEDERA\u021aIA NA\u021aIONAL\u0102 SINDICAL\u0102 &#8222;CARTEL ALFA&#8221; <\/td><\/tr><tr><td>9<\/td><td>LUNGU DORIN<\/td><td>CONFEDERA\u021aIA PATRONAL\u0102 CONCORDIA<\/td><\/tr><tr><td>10<\/td><td>ROSAN PAUL<\/td><td>CONFEDERA\u021aIA PATRONAL\u0102 CONCORDIA<\/td><\/tr><tr><td>11<\/td><td>BELEA SORIN<\/td><td>DIREC\u021aIA DE STATISTIC\u0102<\/td><\/tr><tr><td>12<\/td><td>MACRI CORINA<\/td><td>CONSILIUL NATIONAL AL INTREPRINDERILOR PRIVATE MICI SI MIJLOCII DIN ROMANIA (CNIPMMR)<\/td><\/tr><tr><td>13<\/td><td>\u021aUCU DANIEL<\/td><td>CONSILIUL NATIONAL AL INTREPRINDERILOR PRIVATE MICI SI MIJLOCII DIN ROMANIA (CNIPMMR)<\/td><\/tr><tr><td>14<\/td><td>F\u0102R\u0102 NOMINALIZARE<\/td><td>CONSILIUL NATIONAL AL INTREPRINDERILOR PRIVATE MICI SI MIJLOCII DIN ROMANIA (CNIPMMR)<\/td><\/tr><tr><td>15<\/td><td>COJOLEANCA DIANA<\/td><td>AGEN\u021aIA JUDE\u021aEAN\u0102 DE PL\u0102\u021aI \u0218I INSPEC\u021aIE SOCIAL\u0102 TIMI\u0218<\/td><\/tr><\/tbody><\/table><\/figure>\n\n\n\n<h2 class=\"wp-block-heading\">Agenda de lucru<\/h2>\n\n\n\t\t\t\t<ul class=\"recentcontent\">\n\t\t\t\t\t\t\t\t\t<li>\n\t\t\t\t\t\t<a href=\"https:\/\/www.anofm.ro\/timis\/agenda-conducere\/\">\n\t\t\t\t\t\t\t\t\t\t\t\t\t\t\t<img decoding=\"async\" src=\"https:\/\/www.anofm.ro\/timis\/wp-content\/plugins\/anofm-custom-post-types\/assets\/images\/placeholder-thumb.png\" alt=\"\">\n\t\t\t\t\t\t\t\t\t\t\t\t\t\t\t\t<p class=\"h4\">Agenda conducere<\/p>\n\t\t\t\t\t\t\t\t\t\t\t\t\t\t\t<span>23\/01\/2025<\/span>\n\t\t\t\t\t\t<\/a>\n\t\t\t\t\t<\/li>\n\t\t\t\t\t\t\t\t\t<\/ul>\n\t\t\t\t","protected":false},"excerpt":{"rendered":"<p>Conducere Consiliu consultativ Nr. crt. Nume \u0219i prenume Institu\u021bia reprezentat\u0103 1 POPESCU ANCA ANDREEA PREFECTURA TIMI\u0218 2 ZAMFIROIU AURICA CONSILIUL JUDE\u021aEAN TIMI\u0218 3 DANIELESCU AURA-CODRU\u021aA INSPECTORATUL \u0218COLAR JUDE\u021aEAN 4 RADA<\/p>\n","protected":false},"author":1,"featured_media":0,"parent":0,"menu_order":60,"comment_status":"closed","ping_status":"closed","template":"template-parts\/content-with-sidebar.php","meta":{"footnotes":""},"class_list":["post-2163","page","type-page","status-publish","hentry"],"_links":{"self":[{"href":"https:\/\/www.anofm.ro\/timis\/wp-json\/wp\/v2\/pages\/2163","targetHints":{"allow":["GET"]}}],"collection":[{"href":"https:\/\/www.anofm.ro\/timis\/wp-json\/wp\/v2\/pages"}],"about":[{"href":"https:\/\/www.anofm.ro\/timis\/wp-json\/wp\/v2\/types\/page"}],"author":[{"embeddable":true,"href":"https:\/\/www.anofm.ro\/timis\/wp-json\/wp\/v2\/users\/1"}],"replies":[{"embeddable":true,"href":"https:\/\/www.anofm.ro\/timis\/wp-json\/wp\/v2\/comments?post=2163"}],"version-history":[{"count":8,"href":"https:\/\/www.anofm.ro\/timis\/wp-json\/wp\/v2\/pages\/2163\/revisions"}],"predecessor-version":[{"id":6179,"href":"https:\/\/www.anofm.ro\/timis\/wp-json\/wp\/v2\/pages\/2163\/revisions\/6179"}],"wp:attachment":[{"href":"https:\/\/www.anofm.ro\/timis\/wp-json\/wp\/v2\/media?parent=2163"}],"curies":[{"name":"wp","href":"https:\/\/api.w.org\/{rel}","templated":true}]}}