{"id":2163,"date":"2023-12-14T22:54:01","date_gmt":"2023-12-14T20:54:01","guid":{"rendered":"https:\/\/www.anofm.ro\/conducere\/"},"modified":"2025-04-01T09:53:38","modified_gmt":"2025-04-01T06:53:38","slug":"conducere","status":"publish","type":"page","link":"https:\/\/www.anofm.ro\/teleorman\/conducere\/","title":{"rendered":"Conducere"},"content":{"rendered":"\n<h2 class=\"wp-block-heading\">Conducere<\/h2>\n\n\n\t\t\t\t\t<div class=\"team-member\">\n\t\t\t\t\t\t<div class=\"team-member-details\">\n\n\t\t\t\t\t\t\t\t\t\t\t\t\t\t<h2>\n\t\t\t\t\t\t\t\tOPREA NELU IONEL\t\t\t\t\t\t\t\t<\/h2>\n\t\t\t\t\t\t\t\t\t\t\t\t\t\t\t\t\t<p class=\"h4\">Director<\/p>\n\t\t\t\t\t\t\t\t\t\n\t\t\t\t\t\t<\/div>\n\t\t\t\t\t<\/div>\n\t\t\t\t\t\t\t\t\t<div class=\"team-member\">\n\t\t\t\t\t\t<div class=\"team-member-details\">\n\n\t\t\t\t\t\t\t\t\t\t\t\t\t\t<h2>\n\t\t\t\t\t\t\t\tDumitrascu Liviu\t\t\t\t\t\t\t\t<\/h2>\n\t\t\t\t\t\t\t\t\t\t\t\t\t\t\t\t\t<p class=\"h4\">Director Adjunct<\/p>\n\t\t\t\t\t\t\t\t\t\n\t\t\t\t\t\t<\/div>\n\t\t\t\t\t<\/div>\n\t\t\t\t\n\n\n<h2 class=\"wp-block-heading\">Consiliu consultativ<\/h2>\n\n\n\n<figure class=\"wp-block-table alignleft\"><table><tbody><tr><td><strong>Nr. crt.<\/strong><\/td><td><strong>Nume \u0219i prenume<\/strong><\/td><td><strong>Institu\u021bia reprezentat\u0103<\/strong><\/td><\/tr><tr><td>1<\/td><td>PETCU MARIANA<\/td><td>INSTITU\u0162IA PREFECTULUI TELEORMAN<strong><\/strong><\/td><\/tr><tr><td>2<\/td><td>VASILE DELCEA RAZVAN<\/td><td>I.S.J TELEORMAN<strong><\/strong><\/td><\/tr><tr><td>3<\/td><td>S\u00ceRBU SORIN<strong><\/strong><\/td><td>INSTITU\u0162IA PREFECTULUI TELEORMAN<strong><\/strong><\/td><\/tr><tr><td>4<\/td><td>MARIN IULIANA<\/td><td>ANAF&nbsp; TELEORMAN<strong><\/strong><\/td><\/tr><tr><td>5<\/td><td>OPRESCU SILVIA<strong>&nbsp;<\/strong><\/td><td>CONSILIUL JUDE\u0162EAN TELEORMAN<\/td><\/tr><tr><td>6<\/td><td>PAN\u0102 ION<strong><\/strong><\/td><td>C.N.S.L.R FR\u0102\u0162IA CONFEDERA\u0162IA NA\u0162IONAL\u0102 A SINDICATELOR LIBERE DIN ROM\u00c2NIA&nbsp; FR\u0102\u0162IA<strong><\/strong><\/td><\/tr><tr><td>7<\/td><td>T\u0102NASE ANDREI<strong><\/strong><\/td><td>B.N.S BLOCUL NA\u0162IONAL SINDICAL<strong><\/strong><\/td><\/tr><tr><td>8<\/td><td>TURTURIC\u0102 DUMITRU<strong><\/strong><\/td><td>C.S.D.R &nbsp;CONFEDERA\u0162IA SINDICATELOR DEMOCRATICE DIN ROM\u00c2NIA<strong><\/strong><\/td><\/tr><tr><td>9<\/td><td>TULPAN IOAN<\/td><td>CONFEDERA\u0162IA NA\u0162IONAL\u0102 SINDICAL\u0102 CARTEL ALFA<\/td><\/tr><tr><td>10<\/td><td>CIUCARDEL CRISTIAN<\/td><td>CONFEDERA\u0162IA &nbsp;SINDICAL\u0102 NATIONAL\u0102 MERIDIAN<\/td><\/tr><tr><td>11<\/td><td>STOIAN MARIA<\/td><td>C.N.I.P.M.M.R CONSILIUL NA\u0162IONAL AL \u00ceNTREPRINDERILOR PRIVATE MICI \u015eI MIJLOCII DIN ROM\u00c2NIA<strong><\/strong><\/td><\/tr><tr><td>12<\/td><td>OLTEANU GHEORGHE SORIN<strong><\/strong><\/td><td>C.N.I.P.M.M.R CONSILIUL NA\u0162IONAL AL \u00ceNTREPRINDERILOR PRIVATE MICI \u015eI MIJLOCII DIN ROM\u00c2NIA<strong><\/strong><\/td><\/tr><tr><td>13<\/td><td>TOMESCU CONSTANTIN MARIAN<strong><\/strong><\/td><td>CONFEDERA\u0162IA PATRONAL\u0102 CONCORDIA<strong><\/strong><\/td><\/tr><tr><td>14<\/td><td>F\u0102R\u0102 NOMINALIZARE<\/td><td>CONFEDERA\u0162IA PATRONAL\u0102 CONCORDIA<strong><\/strong><\/td><\/tr><tr><td>15<\/td><td>F\u0102R\u0102 NOMINALIZARE<\/td><td>CONFEDERA\u0162IA PATRONAL\u0102 CONCORDIA<strong><\/strong><\/td><\/tr><\/tbody><\/table><\/figure>\n\n\n\n<h2 class=\"wp-block-heading\">Agenda de lucru<\/h2>\n\n\n\t\t\t\t<ul class=\"recentcontent\">\n\t\t\t\t\t\t\t\t\t<li>\n\t\t\t\t\t\t<a href=\"https:\/\/www.anofm.ro\/teleorman\/agenda-conducerii-ajofm-teleorman\/\">\n\t\t\t\t\t\t\t\t\t\t\t\t\t\t\t<img decoding=\"async\" src=\"https:\/\/www.anofm.ro\/teleorman\/wp-content\/plugins\/anofm-custom-post-types\/assets\/images\/placeholder-thumb.png\" alt=\"\">\n\t\t\t\t\t\t\t\t\t\t\t\t\t\t\t\t<p class=\"h4\">Agenda conducerii AJOFM Teleorman<\/p>\n\t\t\t\t\t\t\t\t\t\t\t\t\t\t\t<span>20\/02\/2020<\/span>\n\t\t\t\t\t\t<\/a>\n\t\t\t\t\t<\/li>\n\t\t\t\t\t\t\t\t\t<\/ul>\n\t\t\t\t","protected":false},"excerpt":{"rendered":"<p>Conducere Consiliu consultativ Nr. crt. Nume \u0219i prenume Institu\u021bia reprezentat\u0103 1 PETCU MARIANA INSTITU\u0162IA PREFECTULUI TELEORMAN 2 VASILE DELCEA RAZVAN I.S.J TELEORMAN 3 S\u00ceRBU SORIN INSTITU\u0162IA PREFECTULUI TELEORMAN 4 MARIN<\/p>\n","protected":false},"author":1,"featured_media":0,"parent":0,"menu_order":60,"comment_status":"closed","ping_status":"closed","template":"template-parts\/content-with-sidebar.php","meta":{"footnotes":""},"class_list":["post-2163","page","type-page","status-publish","hentry"],"_links":{"self":[{"href":"https:\/\/www.anofm.ro\/teleorman\/wp-json\/wp\/v2\/pages\/2163","targetHints":{"allow":["GET"]}}],"collection":[{"href":"https:\/\/www.anofm.ro\/teleorman\/wp-json\/wp\/v2\/pages"}],"about":[{"href":"https:\/\/www.anofm.ro\/teleorman\/wp-json\/wp\/v2\/types\/page"}],"author":[{"embeddable":true,"href":"https:\/\/www.anofm.ro\/teleorman\/wp-json\/wp\/v2\/users\/1"}],"replies":[{"embeddable":true,"href":"https:\/\/www.anofm.ro\/teleorman\/wp-json\/wp\/v2\/comments?post=2163"}],"version-history":[{"count":7,"href":"https:\/\/www.anofm.ro\/teleorman\/wp-json\/wp\/v2\/pages\/2163\/revisions"}],"predecessor-version":[{"id":5128,"href":"https:\/\/www.anofm.ro\/teleorman\/wp-json\/wp\/v2\/pages\/2163\/revisions\/5128"}],"wp:attachment":[{"href":"https:\/\/www.anofm.ro\/teleorman\/wp-json\/wp\/v2\/media?parent=2163"}],"curies":[{"name":"wp","href":"https:\/\/api.w.org\/{rel}","templated":true}]}}