{"id":2163,"date":"2023-12-14T22:54:01","date_gmt":"2023-12-14T20:54:01","guid":{"rendered":"https:\/\/www.anofm.ro\/conducere\/"},"modified":"2025-04-16T10:20:07","modified_gmt":"2025-04-16T07:20:07","slug":"conducere","status":"publish","type":"page","link":"https:\/\/www.anofm.ro\/olt\/conducere\/","title":{"rendered":"Conducere"},"content":{"rendered":"\n<h2 class=\"wp-block-heading\">Conducere<\/h2>\n\n\n\t\t\t\t\t<div class=\"team-member\">\n\t\t\t\t\t\t<div class=\"team-member-details\">\n\n\t\t\t\t\t\t\t\t\t\t\t\t\t\t<h2>\n\t\t\t\t\t\t\t\tCitu Constantin\t\t\t\t\t\t\t\t<\/h2>\n\t\t\t\t\t\t\t\t\t\t\t\t\t\t\t\t\t<p class=\"h4\">Director<\/p>\n\t\t\t\t\t\t\t\t\t\n\t\t\t\t\t\t<\/div>\n\t\t\t\t\t<\/div>\n\t\t\t\t\t\t\t\t\t<div class=\"team-member\">\n\t\t\t\t\t\t<div class=\"team-member-details\">\n\n\t\t\t\t\t\t\t\t\t\t\t\t\t\t<h2>\n\t\t\t\t\t\t\t\tSerban Eleonora Narcisa\t\t\t\t\t\t\t\t<\/h2>\n\t\t\t\t\t\t\t\t\t\t\t\t\t\t\t\t\t<p class=\"h4\">Director Adjunct<\/p>\n\t\t\t\t\t\t\t\t\t\n\t\t\t\t\t\t<\/div>\n\t\t\t\t\t<\/div>\n\t\t\t\t\n\n\n<div data-wp-interactive=\"core\/file\" class=\"wp-block-file\"><object data-wp-bind--hidden=\"!state.hasPdfPreview\" hidden class=\"wp-block-file__embed\" data=\"https:\/\/www.anofm.ro\/olt\/wp-content\/uploads\/sites\/32\/2025\/04\/CV-CTU-Constantin-director-executiv.pdf\" type=\"application\/pdf\" style=\"width:100%;height:600px\" aria-label=\"\u00cenglobare pentru CV - C]TU Constantin - director executiv.\"><\/object><a id=\"wp-block-file--media-2631455f-b265-4c7b-8b7a-096da0d81202\" href=\"https:\/\/www.anofm.ro\/olt\/wp-content\/uploads\/sites\/32\/2025\/04\/CV-CTU-Constantin-director-executiv.pdf\">CV &#8211; C]TU Constantin &#8211; director executiv<\/a><a href=\"https:\/\/www.anofm.ro\/olt\/wp-content\/uploads\/sites\/32\/2025\/04\/CV-CTU-Constantin-director-executiv.pdf\" class=\"wp-block-file__button wp-element-button\" download aria-describedby=\"wp-block-file--media-2631455f-b265-4c7b-8b7a-096da0d81202\">Descarc\u0103<\/a><\/div>\n\n\n\n<div data-wp-interactive=\"core\/file\" class=\"wp-block-file\"><object data-wp-bind--hidden=\"!state.hasPdfPreview\" hidden class=\"wp-block-file__embed\" data=\"https:\/\/www.anofm.ro\/olt\/wp-content\/uploads\/sites\/32\/2025\/04\/atributii-director-executiv.pdf\" type=\"application\/pdf\" style=\"width:100%;height:200px\" aria-label=\"\u00cenglobare pentru atribu\u021bii director executiv.\"><\/object><a id=\"wp-block-file--media-717dd82d-5042-44b2-96b1-50dfd7b1acf2\" href=\"https:\/\/www.anofm.ro\/olt\/wp-content\/uploads\/sites\/32\/2025\/04\/atributii-director-executiv.pdf\">atribu\u021bii director executiv<\/a><a href=\"https:\/\/www.anofm.ro\/olt\/wp-content\/uploads\/sites\/32\/2025\/04\/atributii-director-executiv.pdf\" class=\"wp-block-file__button wp-element-button\" download aria-describedby=\"wp-block-file--media-717dd82d-5042-44b2-96b1-50dfd7b1acf2\">Descarc\u0103<\/a><\/div>\n\n\n\n<div data-wp-interactive=\"core\/file\" class=\"wp-block-file\"><object data-wp-bind--hidden=\"!state.hasPdfPreview\" hidden class=\"wp-block-file__embed\" data=\"https:\/\/www.anofm.ro\/olt\/wp-content\/uploads\/sites\/32\/2025\/04\/CV-Serban-Eleonora-Narcisa-director-executiv-adjunct.pdf\" type=\"application\/pdf\" style=\"width:100%;height:600px\" aria-label=\"\u00cenglobare pentru CV - Serban Eleonora Narcisa - director executiv adjunct.\"><\/object><a id=\"wp-block-file--media-087391f7-3918-4333-881c-2a02db5c9483\" href=\"https:\/\/www.anofm.ro\/olt\/wp-content\/uploads\/sites\/32\/2025\/04\/CV-Serban-Eleonora-Narcisa-director-executiv-adjunct.pdf\">CV &#8211; Serban Eleonora Narcisa &#8211; director executiv adjunct<\/a><a href=\"https:\/\/www.anofm.ro\/olt\/wp-content\/uploads\/sites\/32\/2025\/04\/CV-Serban-Eleonora-Narcisa-director-executiv-adjunct.pdf\" class=\"wp-block-file__button wp-element-button\" download aria-describedby=\"wp-block-file--media-087391f7-3918-4333-881c-2a02db5c9483\">Descarc\u0103<\/a><\/div>\n\n\n\n\n\n<div data-wp-interactive=\"core\/file\" class=\"wp-block-file\"><object data-wp-bind--hidden=\"!state.hasPdfPreview\" hidden class=\"wp-block-file__embed\" data=\"https:\/\/www.anofm.ro\/olt\/wp-content\/uploads\/sites\/32\/2025\/04\/atributii-director-executiv-adjunct-1.pdf\" type=\"application\/pdf\" style=\"width:100%;height:600px\" aria-label=\"\u00cenglobare pentru atribu\u021bii director executiv adjunct.\"><\/object><a id=\"wp-block-file--media-2c6ad4f2-465e-4144-931d-fac566fc25e7\" href=\"https:\/\/www.anofm.ro\/olt\/wp-content\/uploads\/sites\/32\/2025\/04\/atributii-director-executiv-adjunct-1.pdf\">atribu\u021bii director executiv adjunct<\/a><a href=\"https:\/\/www.anofm.ro\/olt\/wp-content\/uploads\/sites\/32\/2025\/04\/atributii-director-executiv-adjunct-1.pdf\" class=\"wp-block-file__button wp-element-button\" download aria-describedby=\"wp-block-file--media-2c6ad4f2-465e-4144-931d-fac566fc25e7\">Descarc\u0103<\/a><\/div>\n\n\n\n<h2 class=\"wp-block-heading\">Consiliu consultativ<\/h2>\n\n\n\n<p>Consiliile consultative ale agen\u0163iilor teritoriale sunt alc\u0103tuite din c\u00e2te 15 membri, dup\u0103 cum urmeaz\u0103:<br>\u2003\u2003 -5 membri, din care un membru reprezentant al autorit\u0103\u0163ilor publice locale, numit de pre\u015fedintele consiliului jude\u0163ean, \u015fi 4 membri reprezentan\u0163i ai serviciilor deconcentrate ale ministerelor \u015fi ale celorlalte organe ale administra\u0163iei publice centrale din unit\u0103\u0163ile administrativ-teritoriale propuse de agen\u0163iile teritoriale, numi\u0163i de prefect;<br>\u2003\u2003-5 membri desemna\u0163i de confedera\u0163iile sindicale reprezentative la nivel na\u0163ional;<br>\u2003\u2003-5 membri desemna\u0163i de confedera\u0163iile patronale reprezentative la nivel na\u0163ional.<\/p>\n\n\n\n<p>&nbsp;\u2003\u2003Membrii consiliilor consultative ale agen\u0163iilor teritoriale reprezent\u00e2nd sindicatele \u015fi patronatele se stabilesc \u00eentre confedera\u0163iile sindicale, respectiv \u00eentre confedera\u0163iile patronale reprezentative la nivel na\u0163ional.<br>\u2003\u2003 Consiliile consultative ale agen\u0163iilor teritoriale se \u00eentrunesc lunar sau ori de c\u00e2te ori este necesar, la cererea directorilor executivi sau a unei treimi din num\u0103rul membrilor acestora.<br><\/p>\n\n\n\n<figure class=\"wp-block-table alignleft\"><table><tbody><tr><td><strong>Nr. crt.<\/strong><\/td><td><strong>Nume \u0219i prenume<\/strong><\/td><td><strong>Institu\u021bia reprezentat\u0103<\/strong><\/td><\/tr><tr><td>1<\/td><td>COSTEA-GRAMESCU IOANA<strong><\/strong><\/td><td>INSTITU\u0162IA PREFECTULUI JUDE\u0162UL OLT<strong><\/strong><\/td><\/tr><tr><td>2<\/td><td>BOCAI LAURA<strong><\/strong><\/td><td>CONSILIUL JUDE\u0162EAN OLT<strong><\/strong><\/td><\/tr><tr><td>3<\/td><td>UNGUREANU&nbsp; CONSTANTIN CRISTIAN<strong><\/strong><\/td><td>INSPECTORATUL TERITORIAL DE MUNC\u0102 OLT<strong><\/strong><\/td><\/tr><tr><td>4<\/td><td>SMARANDACHE IULIAN<strong><\/strong><\/td><td>CASA JUDE\u0162EAN\u0102 DE PENSII OLT<strong><\/strong><\/td><\/tr><tr><td>5<\/td><td>GHEORGHE MARIANA<\/td><td>INSPECTORATUL \u015eCOLAR JUDETEAN OLT<strong><\/strong><\/td><\/tr><tr><td>6<\/td><td>IORGA DUMITRU <strong><\/strong><\/td><td>BLOCUL NA\u0162IONAL SINDICAL<strong><\/strong><\/td><\/tr><tr><td>7<\/td><td>UNTARU GHEORGHE<strong><\/strong><\/td><td>CONFEDERA\u0162IA SINDICATELOR DEMOCRATICE&nbsp; DIN ROM\u00c2NIA<strong><\/strong><\/td><\/tr><tr><td>8<\/td><td>POPESCU GHEORGHE<strong><\/strong><\/td><td>CNSLR FR\u0102\u0162IA<strong><\/strong><\/td><\/tr><tr><td>9<\/td><td>GHEORGHE IONEL CRISTIAN<\/td><td>CNSLR FR\u0102\u0162IA<strong><\/strong><\/td><\/tr><tr><td>10<\/td><td>MATEESCU LAURIAN OCTAVIAN<strong><\/strong><\/td><td>CARTEL ALFA<strong><\/strong><\/td><\/tr><tr><td>11<\/td><td>MARINESCU EMIL VERGILIUS<strong><\/strong><\/td><td>CONSILIUL NA\u0162IONAL AL INTREPRINDERILOR &nbsp;PRIVATE MICI SI MIJLOCII DIN ROM\u00c2NIA<strong><\/strong><\/td><\/tr><tr><td>12<\/td><td>POSTOLACHE CRISTINA<\/td><td>CONSILIUL NA\u0162IONAL AL INTREPRINDERILOR &nbsp;PRIVATE MICI SI MIJLOCII DIN ROM\u00c2NIA<strong><\/strong><\/td><\/tr><tr><td>13<\/td><td>MARINESCU LIVIA<\/td><td>CONSILIUL NA\u0162IONAL AL INTREPRINDERILOR &nbsp;PRIVATE MICI SI MIJLOCII DIN ROM\u00c2NIA<strong><\/strong><\/td><\/tr><tr><td>14<\/td><td><strong>FARA NOMINALIZARE<\/strong><strong><\/strong><\/td><td>CONFEDERATIA PATRONALA CONCORDIA<strong><\/strong><\/td><\/tr><tr><td>15<\/td><td><strong>FARA NOMINALIZARE<\/strong><strong><\/strong><\/td><td>CONFEDERATIA PATRONALA CONCORDIA<strong><\/strong><\/td><\/tr><\/tbody><\/table><\/figure>\n\n\n\n<h2 class=\"wp-block-heading\">Agenda de lucru<\/h2>\n\n\n\t\t\t\t<ul class=\"recentcontent\">\n\t\t\t\t\t\t\t\t\t<li>\n\t\t\t\t\t\t<a href=\"https:\/\/www.anofm.ro\/olt\/agenda-de-lucru-27-04-01-05-2026\/\">\n\t\t\t\t\t\t\t\t\t\t\t\t\t\t\t<img decoding=\"async\" src=\"https:\/\/www.anofm.ro\/olt\/wp-content\/plugins\/anofm-custom-post-types\/assets\/images\/placeholder-thumb.png\" alt=\"\">\n\t\t\t\t\t\t\t\t\t\t\t\t\t\t\t\t<p class=\"h4\">AGEND\u0102 DE LUCRU 27.04 &#8211; 01.05.2026<\/p>\n\t\t\t\t\t\t\t\t\t\t\t\t\t\t\t<span>21\/04\/2026<\/span>\n\t\t\t\t\t\t<\/a>\n\t\t\t\t\t<\/li>\n\t\t\t\t\t\t\t\t\t\t<li>\n\t\t\t\t\t\t<a href=\"https:\/\/www.anofm.ro\/olt\/agenda-de-lucru-23-27-03-2026\/\">\n\t\t\t\t\t\t\t\t\t\t\t\t\t\t\t<img decoding=\"async\" src=\"https:\/\/www.anofm.ro\/olt\/wp-content\/plugins\/anofm-custom-post-types\/assets\/images\/placeholder-thumb.png\" alt=\"\">\n\t\t\t\t\t\t\t\t\t\t\t\t\t\t\t\t<p class=\"h4\">AGEND\u0102 DE LUCRU 23 &#8211; 27.03.2026<\/p>\n\t\t\t\t\t\t\t\t\t\t\t\t\t\t\t<span>23\/03\/2026<\/span>\n\t\t\t\t\t\t<\/a>\n\t\t\t\t\t<\/li>\n\t\t\t\t\t\t\t\t\t\t<li>\n\t\t\t\t\t\t<a href=\"https:\/\/www.anofm.ro\/olt\/agenda-de-lucru-23-27-02-2026\/\">\n\t\t\t\t\t\t\t\t\t\t\t\t\t\t\t<img decoding=\"async\" src=\"https:\/\/www.anofm.ro\/olt\/wp-content\/plugins\/anofm-custom-post-types\/assets\/images\/placeholder-thumb.png\" alt=\"\">\n\t\t\t\t\t\t\t\t\t\t\t\t\t\t\t\t<p class=\"h4\">AGEND\u0102 DE LUCRU 23 &#8211; 27.02.2026<\/p>\n\t\t\t\t\t\t\t\t\t\t\t\t\t\t\t<span>20\/02\/2026<\/span>\n\t\t\t\t\t\t<\/a>\n\t\t\t\t\t<\/li>\n\t\t\t\t\t\t\t\t\t\t<li>\n\t\t\t\t\t\t<a href=\"https:\/\/www.anofm.ro\/olt\/agenda-de-lucru-26-30-01-2026\/\">\n\t\t\t\t\t\t\t\t\t\t\t\t\t\t\t<img decoding=\"async\" src=\"https:\/\/www.anofm.ro\/olt\/wp-content\/plugins\/anofm-custom-post-types\/assets\/images\/placeholder-thumb.png\" alt=\"\">\n\t\t\t\t\t\t\t\t\t\t\t\t\t\t\t\t<p class=\"h4\">AGEND\u0102 DE LUCRU 26 &#8211; 30.01.2026<\/p>\n\t\t\t\t\t\t\t\t\t\t\t\t\t\t\t<span>23\/01\/2026<\/span>\n\t\t\t\t\t\t<\/a>\n\t\t\t\t\t<\/li>\n\t\t\t\t\t\t\t\t\t\t<li>\n\t\t\t\t\t\t<a href=\"https:\/\/www.anofm.ro\/olt\/agenda-de-lucru-15-19-12-2025\/\">\n\t\t\t\t\t\t\t\t\t\t\t\t\t\t\t<img decoding=\"async\" src=\"https:\/\/www.anofm.ro\/olt\/wp-content\/plugins\/anofm-custom-post-types\/assets\/images\/placeholder-thumb.png\" alt=\"\">\n\t\t\t\t\t\t\t\t\t\t\t\t\t\t\t\t<p class=\"h4\">AGEND\u0102 DE LUCRU 15 &#8211; 19.12.2025<\/p>\n\t\t\t\t\t\t\t\t\t\t\t\t\t\t\t<span>10\/12\/2025<\/span>\n\t\t\t\t\t\t<\/a>\n\t\t\t\t\t<\/li>\n\t\t\t\t\t\t\t\t\t\t<li>\n\t\t\t\t\t\t<a href=\"https:\/\/www.anofm.ro\/olt\/agenda-de-lucru-24-28-11-2025\/\">\n\t\t\t\t\t\t\t\t\t\t\t\t\t\t\t<img decoding=\"async\" src=\"https:\/\/www.anofm.ro\/olt\/wp-content\/plugins\/anofm-custom-post-types\/assets\/images\/placeholder-thumb.png\" alt=\"\">\n\t\t\t\t\t\t\t\t\t\t\t\t\t\t\t\t<p class=\"h4\">AGEND\u0102 DE LUCRU 24 &#8211; 28.11.2025<\/p>\n\t\t\t\t\t\t\t\t\t\t\t\t\t\t\t<span>24\/11\/2025<\/span>\n\t\t\t\t\t\t<\/a>\n\t\t\t\t\t<\/li>\n\t\t\t\t\t\t\t\t\t\t<li>\n\t\t\t\t\t\t<a href=\"https:\/\/www.anofm.ro\/olt\/agenda-de-lucru-27-31-10-2025\/\">\n\t\t\t\t\t\t\t\t\t\t\t\t\t\t\t<img decoding=\"async\" src=\"https:\/\/www.anofm.ro\/olt\/wp-content\/plugins\/anofm-custom-post-types\/assets\/images\/placeholder-thumb.png\" alt=\"\">\n\t\t\t\t\t\t\t\t\t\t\t\t\t\t\t\t<p class=\"h4\">AGEND\u0102 DE LUCRU 27 &#8211; 31.10.2025<\/p>\n\t\t\t\t\t\t\t\t\t\t\t\t\t\t\t<span>22\/10\/2025<\/span>\n\t\t\t\t\t\t<\/a>\n\t\t\t\t\t<\/li>\n\t\t\t\t\t\t\t\t\t\t<li>\n\t\t\t\t\t\t<a href=\"https:\/\/www.anofm.ro\/olt\/agenda-de-lucru-29-09-03-10-2025\/\">\n\t\t\t\t\t\t\t\t\t\t\t\t\t\t\t<img decoding=\"async\" src=\"https:\/\/www.anofm.ro\/olt\/wp-content\/plugins\/anofm-custom-post-types\/assets\/images\/placeholder-thumb.png\" alt=\"\">\n\t\t\t\t\t\t\t\t\t\t\t\t\t\t\t\t<p class=\"h4\">AGEND\u0102 DE LUCRU 29.09 &#8211; 03.10.2025<\/p>\n\t\t\t\t\t\t\t\t\t\t\t\t\t\t\t<span>29\/09\/2025<\/span>\n\t\t\t\t\t\t<\/a>\n\t\t\t\t\t<\/li>\n\t\t\t\t\t\t\t\t\t\t<li>\n\t\t\t\t\t\t<a href=\"https:\/\/www.anofm.ro\/olt\/agenda-de-lucru-25-08-29-08-2025\/\">\n\t\t\t\t\t\t\t\t\t\t\t\t\t\t\t<img decoding=\"async\" src=\"https:\/\/www.anofm.ro\/olt\/wp-content\/plugins\/anofm-custom-post-types\/assets\/images\/placeholder-thumb.png\" alt=\"\">\n\t\t\t\t\t\t\t\t\t\t\t\t\t\t\t\t<p class=\"h4\">AGEND\u0102 DE LUCRU 25.08 &#8211; 29.08.2025<\/p>\n\t\t\t\t\t\t\t\t\t\t\t\t\t\t\t<span>19\/08\/2025<\/span>\n\t\t\t\t\t\t<\/a>\n\t\t\t\t\t<\/li>\n\t\t\t\t\t\t\t\t\t\t<li>\n\t\t\t\t\t\t<a href=\"https:\/\/www.anofm.ro\/olt\/agenda-de-lucru-28-07-31-08-2025\/\">\n\t\t\t\t\t\t\t\t\t\t\t\t\t\t\t<img decoding=\"async\" src=\"https:\/\/www.anofm.ro\/olt\/wp-content\/plugins\/anofm-custom-post-types\/assets\/images\/placeholder-thumb.png\" alt=\"\">\n\t\t\t\t\t\t\t\t\t\t\t\t\t\t\t\t<p class=\"h4\">AGEND\u0102 DE LUCRU 28.07 &#8211; 31.08.2025<\/p>\n\t\t\t\t\t\t\t\t\t\t\t\t\t\t\t<span>25\/07\/2025<\/span>\n\t\t\t\t\t\t<\/a>\n\t\t\t\t\t<\/li>\n\t\t\t\t\t\t\t\t\t\t<li>\n\t\t\t\t\t\t<a href=\"https:\/\/www.anofm.ro\/olt\/agenda-de-lucru-19-05-23-05-2025\/\">\n\t\t\t\t\t\t\t\t\t\t\t\t\t\t\t<img decoding=\"async\" src=\"https:\/\/www.anofm.ro\/olt\/wp-content\/plugins\/anofm-custom-post-types\/assets\/images\/placeholder-thumb.png\" alt=\"\">\n\t\t\t\t\t\t\t\t\t\t\t\t\t\t\t\t<p class=\"h4\">AGEND\u0102 DE LUCRU 19.05 &#8211; 23.05.2025<\/p>\n\t\t\t\t\t\t\t\t\t\t\t\t\t\t\t<span>20\/05\/2025<\/span>\n\t\t\t\t\t\t<\/a>\n\t\t\t\t\t<\/li>\n\t\t\t\t\t\t\t\t\t\t<li>\n\t\t\t\t\t\t<a href=\"https:\/\/www.anofm.ro\/olt\/agenda-de-lucru-28-04-02-05-2025\/\">\n\t\t\t\t\t\t\t\t\t\t\t\t\t\t\t<img decoding=\"async\" src=\"https:\/\/www.anofm.ro\/olt\/wp-content\/plugins\/anofm-custom-post-types\/assets\/images\/placeholder-thumb.png\" alt=\"\">\n\t\t\t\t\t\t\t\t\t\t\t\t\t\t\t\t<p class=\"h4\">AGEND\u0102 DE LUCRU 28.04 &#8211; 02.05.2025<\/p>\n\t\t\t\t\t\t\t\t\t\t\t\t\t\t\t<span>24\/04\/2025<\/span>\n\t\t\t\t\t\t<\/a>\n\t\t\t\t\t<\/li>\n\t\t\t\t\t\t\t\t\t\t<li>\n\t\t\t\t\t\t<a href=\"https:\/\/www.anofm.ro\/olt\/agenda-de-lucru\/\">\n\t\t\t\t\t\t\t\t\t\t\t\t\t\t\t<img decoding=\"async\" src=\"https:\/\/www.anofm.ro\/olt\/wp-content\/plugins\/anofm-custom-post-types\/assets\/images\/placeholder-thumb.png\" alt=\"\">\n\t\t\t\t\t\t\t\t\t\t\t\t\t\t\t\t<p class=\"h4\">AGENDA DE LUCRU<\/p>\n\t\t\t\t\t\t\t\t\t\t\t\t\t\t\t<span>14\/11\/2018<\/span>\n\t\t\t\t\t\t<\/a>\n\t\t\t\t\t<\/li>\n\t\t\t\t\t\t\t\t\t<\/ul>\n\t\t\t\t","protected":false},"excerpt":{"rendered":"<p>Conducere Consiliu consultativ Consiliile consultative ale agen\u0163iilor teritoriale sunt alc\u0103tuite din c\u00e2te 15 membri, dup\u0103 cum urmeaz\u0103:\u2003\u2003 -5 membri, din care un membru reprezentant al autorit\u0103\u0163ilor publice locale, numit de<\/p>\n","protected":false},"author":1,"featured_media":0,"parent":0,"menu_order":60,"comment_status":"closed","ping_status":"closed","template":"template-parts\/content-with-sidebar.php","meta":{"footnotes":""},"class_list":["post-2163","page","type-page","status-publish","hentry"],"_links":{"self":[{"href":"https:\/\/www.anofm.ro\/olt\/wp-json\/wp\/v2\/pages\/2163","targetHints":{"allow":["GET"]}}],"collection":[{"href":"https:\/\/www.anofm.ro\/olt\/wp-json\/wp\/v2\/pages"}],"about":[{"href":"https:\/\/www.anofm.ro\/olt\/wp-json\/wp\/v2\/types\/page"}],"author":[{"embeddable":true,"href":"https:\/\/www.anofm.ro\/olt\/wp-json\/wp\/v2\/users\/1"}],"replies":[{"embeddable":true,"href":"https:\/\/www.anofm.ro\/olt\/wp-json\/wp\/v2\/comments?post=2163"}],"version-history":[{"count":10,"href":"https:\/\/www.anofm.ro\/olt\/wp-json\/wp\/v2\/pages\/2163\/revisions"}],"predecessor-version":[{"id":5203,"href":"https:\/\/www.anofm.ro\/olt\/wp-json\/wp\/v2\/pages\/2163\/revisions\/5203"}],"wp:attachment":[{"href":"https:\/\/www.anofm.ro\/olt\/wp-json\/wp\/v2\/media?parent=2163"}],"curies":[{"name":"wp","href":"https:\/\/api.w.org\/{rel}","templated":true}]}}