{"id":2163,"date":"2023-12-14T22:54:01","date_gmt":"2023-12-14T20:54:01","guid":{"rendered":"https:\/\/www.anofm.ro\/conducere\/"},"modified":"2025-10-14T09:40:02","modified_gmt":"2025-10-14T06:40:02","slug":"conducere","status":"publish","type":"page","link":"https:\/\/www.anofm.ro\/buzau\/conducere\/","title":{"rendered":"Conducere"},"content":{"rendered":"\n<h2 class=\"wp-block-heading\">Conducere<\/h2>\n\n\n\t\t\t\t\t<div class=\"team-member\">\n\t\t\t\t\t\t<div class=\"team-member-details\">\n\n\t\t\t\t\t\t\t\t\t\t\t\t\t\t<h2>\n\t\t\t\t\t\t\t\tTociu Ionel\t\t\t\t\t\t\t\t<\/h2>\n\t\t\t\t\t\t\t\t\t\t\t\t\t\t\t\t\t<p class=\"h4\">Director Executiv<\/p>\n\t\t\t\t\t\t\t\t\t\n\t\t\t\t\t\t<\/div>\n\t\t\t\t\t<\/div>\n\t\t\t\t\t\t\t\t\t<div class=\"team-member\">\n\t\t\t\t\t\t<div class=\"team-member-details\">\n\n\t\t\t\t\t\t\t\t\t\t\t\t\t\t<h2>\n\t\t\t\t\t\t\t\tTarpan Sebastian\t\t\t\t\t\t\t\t<\/h2>\n\t\t\t\t\t\t\t\t\t\t\t\t\t\t\t\t\t<p class=\"h4\">Director Executiv Adjunct<\/p>\n\t\t\t\t\t\t\t\t\t\n\t\t\t\t\t\t<\/div>\n\t\t\t\t\t<\/div>\n\t\t\t\t\n\n\n<div class=\"file-list-wrap\"><p class=\"h4\">Documente desc\u0103rcabile<\/p><ul class=\"file-list\">\n<li><a href=\"https:\/\/www.anofm.ro\/buzau\/wp-content\/uploads\/sites\/12\/2025\/04\/Atributiile-director-executiv.pdf\" download>Atributiile-director-executiv.pdf<\/a><\/li>\n\n\n\n<li><a href=\"https:\/\/www.anofm.ro\/buzau\/wp-content\/uploads\/sites\/12\/2025\/04\/Atributii-director-executiv-adjunct.pdf\" download>Atributii-director-executiv-adjunct.pdf<\/a><\/li>\n<\/ul><\/div>\n\n\n\n<p><\/p>\n\n\n\n<h2 class=\"wp-block-heading\">Consiliu consultativ<\/h2>\n\n\n\n<figure class=\"wp-block-table alignleft\"><table><tbody><tr><td><strong>Nr. crt.<\/strong><\/td><td><strong>Nume \u0219i prenume<\/strong><\/td><td><strong>Institu\u021bia reprezentat\u0103<\/strong><\/td><\/tr><tr><td>1<\/td><td>OCTAVIAN TRONCAS <\/td><td>CASA JUDETEANA DE PENSII BUZ\u0102U<strong><\/strong><\/td><\/tr><tr><td>2<\/td><td>BOGDAN CHITACU<\/td><td>INSPECTORATUL TERITORIAL DE MUNCA BUZAU<strong><\/strong><\/td><\/tr><tr><td>3<\/td><td>MARCELA BRATU<\/td><td>DIREC\u0162IA JUDE\u0162EAN\u0102 DE STATISTIC\u0102 BUZ\u0102U<\/td><\/tr><tr><td>4<\/td><td>DANIELA PALCAU<strong><\/strong><\/td><td>INSPECTORATUL \u015eCOLAR JUDE\u0162EAN BUZ\u0102U<strong><\/strong><\/td><\/tr><tr><td>5<\/td><td>IULIEAN LAZARESCU <strong><\/strong><\/td><td>CONSILIUL JUDETEAN BUZAU<strong><\/strong><\/td><\/tr><tr><td>6<\/td><td>F\u0102R\u0102 NOMINALIZARE<\/td><td>B.N.S.<strong><\/strong><\/td><\/tr><tr><td>7<\/td><td>CORNEL RADU<strong><\/strong><\/td><td>C.N.S.L.R.FR\u0102\u0162IA<\/td><\/tr><tr><td>8<\/td><td>TRAIAN SUTEU<strong><\/strong><\/td><td>C.N.S.L.R.FR\u0102\u0162IA<strong><\/strong><\/td><\/tr><tr><td>9<\/td><td>VASILE MINIC\u0102<strong><\/strong><\/td><td>CARTEL ALFA<strong><\/strong><\/td><\/tr><tr><td>10<\/td><td>EMILIAN ALBU<strong><\/strong><\/td><td>C.S.D.R.<strong><\/strong><\/td><\/tr><tr><td>11<\/td><td>\u015eTEFAN DAVIDESCU<strong><\/strong><\/td><td>C.N.I.P.M.M.R<strong><\/strong><\/td><\/tr><tr><td>12<\/td><td>IONUT CERCEL<strong><\/strong><\/td><td>C.N.I.P.M.M.R<strong><\/strong><\/td><\/tr><tr><td>13<\/td><td>F\u0102R\u0102 NOMINALIZARE<strong><\/strong><\/td><td>CONFEDERATIA PATRONALA CONCORDIA<strong><\/strong><\/td><\/tr><tr><td>14<\/td><td>F\u0102R\u0102 NOMINALIZARE<strong><\/strong><\/td><td>CONFEDERATIA PATRONALA CONCORDIA<\/td><\/tr><tr><td>15<\/td><td>F\u0102R\u0102 NOMINALIZARE<strong><\/strong><\/td><td>CONFEDERATIA PATRONALA CONCORDIA<\/td><\/tr><\/tbody><\/table><\/figure>\n\n\n\n<p><\/p>\n\n\n\n<p><\/p>\n\n\n\n<p><\/p>\n\n\n\n<p><\/p>\n\n\n\n<p><\/p>\n\n\n\n<p><\/p>\n\n\n\n<p><\/p>\n\n\n\n<h2 class=\"wp-block-heading\">Agenda de lucru<\/h2>\n\n\n\n<div class=\"file-list-wrap\"><p class=\"h4\">Documente desc\u0103rcabile<\/p><ul class=\"file-list\">\n<li><a href=\"https:\/\/www.anofm.ro\/buzau\/wp-content\/uploads\/sites\/12\/2025\/04\/Agenda-conducerii-AJOFM-Buzau.pdf\" download>Agenda-conducerii-AJOFM-Buzau.pdf<\/a><\/li>\n<\/ul><\/div>\n","protected":false},"excerpt":{"rendered":"<p>Conducere Consiliu consultativ Nr. crt. Nume \u0219i prenume Institu\u021bia reprezentat\u0103 1 OCTAVIAN TRONCAS CASA JUDETEANA DE PENSII BUZ\u0102U 2 BOGDAN CHITACU INSPECTORATUL TERITORIAL DE MUNCA BUZAU 3 MARCELA BRATU DIREC\u0162IA<\/p>\n","protected":false},"author":1,"featured_media":0,"parent":0,"menu_order":60,"comment_status":"closed","ping_status":"closed","template":"template-parts\/content-with-sidebar.php","meta":{"footnotes":""},"class_list":["post-2163","page","type-page","status-publish","hentry"],"_links":{"self":[{"href":"https:\/\/www.anofm.ro\/buzau\/wp-json\/wp\/v2\/pages\/2163","targetHints":{"allow":["GET"]}}],"collection":[{"href":"https:\/\/www.anofm.ro\/buzau\/wp-json\/wp\/v2\/pages"}],"about":[{"href":"https:\/\/www.anofm.ro\/buzau\/wp-json\/wp\/v2\/types\/page"}],"author":[{"embeddable":true,"href":"https:\/\/www.anofm.ro\/buzau\/wp-json\/wp\/v2\/users\/1"}],"replies":[{"embeddable":true,"href":"https:\/\/www.anofm.ro\/buzau\/wp-json\/wp\/v2\/comments?post=2163"}],"version-history":[{"count":6,"href":"https:\/\/www.anofm.ro\/buzau\/wp-json\/wp\/v2\/pages\/2163\/revisions"}],"predecessor-version":[{"id":5918,"href":"https:\/\/www.anofm.ro\/buzau\/wp-json\/wp\/v2\/pages\/2163\/revisions\/5918"}],"wp:attachment":[{"href":"https:\/\/www.anofm.ro\/buzau\/wp-json\/wp\/v2\/media?parent=2163"}],"curies":[{"name":"wp","href":"https:\/\/api.w.org\/{rel}","templated":true}]}}