{"id":5619,"date":"2025-06-23T14:59:13","date_gmt":"2025-06-23T11:59:13","guid":{"rendered":"https:\/\/www.anofm.ro\/botosani\/?post_type=calendar&#038;p=5619"},"modified":"2025-06-23T15:03:02","modified_gmt":"2025-06-23T12:03:02","slug":"conferinta-de-lansare-a-proiectului-in-job-incluziune-pe-piata-muncii-a-tinerilor-neets-id-331933","status":"publish","type":"calendar","link":"https:\/\/www.anofm.ro\/botosani\/calendar\/conferinta-de-lansare-a-proiectului-in-job-incluziune-pe-piata-muncii-a-tinerilor-neets-id-331933\/","title":{"rendered":"CONFERIN\u021aA DE LANSARE a proiectului IN JOB+ &#8211; Incluziune pe pia\u021ba muncii a tinerilor NEETs \u2013 ID : 331933"},"content":{"rendered":"\n<p>\u00ce<strong>n data de 24.06.2025 cu \u00eencepere de la ora 11.00<\/strong>, \u00een <strong>incinta Centrului de formare profesional\u0103 din cadrul AJOFM Boto\u0219ani \u2013 Casa Constantin Zamfirescu, str. Unirii nr.9<\/strong> va avea loc <strong>CONFERIN\u021aA<em> DE LANSARE<\/em><\/strong> a proiectului <strong>IN JOB+ &#8211; Incluziune pe pia\u021ba muncii a tinerilor NEETs \u2013 ID : 331933<\/strong>, organizat\u0103 de <strong>\u00a0ASOCIA\u0162IA &#8222;INSTITUTUL PENTRU PARTENERIAT SOCIAL BUCOVINA&#8221; \u00een calitate de beneficiar \u0219i Agen\u021bia Jude\u021bean\u0103 pentru Ocuparea For\u021bei de Munc\u0103 Boto\u0219ani \u00een calitate de partener .<\/strong><\/p>\n\n\n\n<p>Proiectul este finan\u0163at \u00een cadrul <strong>Programului Educa\u021bie Ocupare<\/strong> , <strong>Prioritate<\/strong>: P2.Valorificarea poten\u021bialului tinerilor pe pia\u021ba muncii <strong>Obiectiv specific<\/strong>: <strong>SO4.1<\/strong>_\u00cembun\u0103t\u0103\u021birea accesului la pia\u021ba muncii \u0219i m\u0103suri de activare pentru toate persoanele aflate \u00een c\u0103utarea unui loc de munc\u0103, \u00een special pentru tineri, \u00eendeosebi prin implementarea Garan\u021bei pentru tineret, pentru \u0219omerii de lung\u0103 durat\u0103 \u0219i grupurile defavorizate de pe pia\u021ba muncii \u0219i pentru persoanele inactive, precum \u0219i prin promovarea desf\u0103\u0219ur\u0103rii de activit\u0103\u021bi independente \u0219i a economiei sociale .<\/p>\n\n\n\n<p><\/p>\n","protected":false},"author":357,"template":"","categorie-eveniment":[],"_links":{"self":[{"href":"https:\/\/www.anofm.ro\/botosani\/wp-json\/wp\/v2\/calendar\/5619","targetHints":{"allow":["GET"]}}],"collection":[{"href":"https:\/\/www.anofm.ro\/botosani\/wp-json\/wp\/v2\/calendar"}],"about":[{"href":"https:\/\/www.anofm.ro\/botosani\/wp-json\/wp\/v2\/types\/calendar"}],"author":[{"embeddable":true,"href":"https:\/\/www.anofm.ro\/botosani\/wp-json\/wp\/v2\/users\/357"}],"version-history":[{"count":2,"href":"https:\/\/www.anofm.ro\/botosani\/wp-json\/wp\/v2\/calendar\/5619\/revisions"}],"predecessor-version":[{"id":5621,"href":"https:\/\/www.anofm.ro\/botosani\/wp-json\/wp\/v2\/calendar\/5619\/revisions\/5621"}],"wp:attachment":[{"href":"https:\/\/www.anofm.ro\/botosani\/wp-json\/wp\/v2\/media?parent=5619"}],"wp:term":[{"taxonomy":"categorie-eveniment","embeddable":true,"href":"https:\/\/www.anofm.ro\/botosani\/wp-json\/wp\/v2\/categorie-eveniment?post=5619"}],"curies":[{"name":"wp","href":"https:\/\/api.w.org\/{rel}","templated":true}]}}