{"id":2163,"date":"2023-12-14T22:54:01","date_gmt":"2023-12-14T20:54:01","guid":{"rendered":"https:\/\/www.anofm.ro\/conducere\/"},"modified":"2025-03-19T14:51:22","modified_gmt":"2025-03-19T12:51:22","slug":"conducere","status":"publish","type":"page","link":"https:\/\/www.anofm.ro\/bistrita-nasaud\/conducere\/","title":{"rendered":"Conducere"},"content":{"rendered":"\n<h2 class=\"wp-block-heading\">Conducere<\/h2>\n\n\n\n<h2 class=\"wp-block-heading\">ANGELA KOOS<\/h2>\n\n\n\n<p>Director Executiv <\/p>\n\n\n\n<h2 class=\"wp-block-heading\">Consiliu consultativ<\/h2>\n\n\n\n<figure class=\"wp-block-table alignleft\"><table><tbody><tr><td><strong>Nr. crt.<\/strong><\/td><td><strong>Nume \u0219i prenume<\/strong><\/td><td><strong>Institu\u021bia reprezentat\u0103<\/strong><\/td><\/tr><tr><td>1<\/td><td>URATE FLAVIU<\/td><td>INSTITU\u0162IA PREFECTULUI JUDETUL BISTRITA-NASAUD<\/td><\/tr><tr><td>2<\/td><td>BOR\u015e ALEXANDRINA CRINA<\/td><td>CONSILIUL JUDE\u0162EAN BISTRITA-NASAUD<\/td><\/tr><tr><td>3<\/td><td>PARASCA CRISTIAN CONSTANTIN<\/td><td>ADMINISTRA\u0162IA JUDE\u0162EAN\u0102 A FINAN\u0162ELOR PUBLICE<\/td><\/tr><tr><td>4<\/td><td>BOB NASTASIA ANI<\/td><td>AGEN\u0162IA JUDE\u0162EAN\u0102 PENTRU PL\u0102\u0162I \u015eI INSPEC\u0162IE SOCIAL\u0102<\/td><\/tr><tr><td>5<\/td><td>MANEA ANGELO AURELIAN<\/td><td>CASA CORPULUI DIDACTIC &nbsp;<\/td><\/tr><tr><td>6<\/td><td>POP SERGIU<\/td><td>BNS &nbsp;<\/td><\/tr><tr><td>7<\/td><td>IVAN VICTOR<\/td><td>CSDR &nbsp;<\/td><\/tr><tr><td>8<\/td><td>COSTIN IOAN &nbsp;<\/td><td>CNSLR FRATIA<\/td><\/tr><tr><td>9<\/td><td>STRUNGAR MARINEL<\/td><td>CARTEL ALFA &nbsp;<\/td><\/tr><tr><td>10<\/td><td>SANDOR IOAN<\/td><td>CARTEL ALFA &nbsp;<\/td><\/tr><tr><td>11<\/td><td>COZMA GABRIEL STEFAN<\/td><td>CNIPMMR &nbsp;<\/td><\/tr><tr><td>12<\/td><td>TANASE DUMITRU<\/td><td>CNIPMMR &nbsp;<\/td><\/tr><tr><td>13<\/td><td>POP LUCIANA<\/td><td>CONCORDIA &nbsp;<\/td><\/tr><tr><td>14<\/td><td>BERINTAN VICTOR<\/td><td>CONCORDIA &nbsp;<\/td><\/tr><tr><td>15<\/td><td>F\u0103r\u0103 nominalizare<\/td><td>CONCORDIA &nbsp;<\/td><\/tr><\/tbody><\/table><\/figure>\n\n\n\n<h2 class=\"wp-block-heading\">Agenda de lucru<\/h2>\n\n\n\t\t\t\t<ul class=\"recentcontent\">\n\t\t\t\t\t\t\t\t\t<li>\n\t\t\t\t\t\t<a href=\"https:\/\/www.anofm.ro\/bistrita-nasaud\/agenda-conducerii-ajofm-bistrita-nasaud\/\">\n\t\t\t\t\t\t\t\t\t\t\t\t\t\t\t<img decoding=\"async\" src=\"https:\/\/www.anofm.ro\/bistrita-nasaud\/wp-content\/plugins\/anofm-custom-post-types\/assets\/images\/placeholder-thumb.png\" alt=\"\">\n\t\t\t\t\t\t\t\t\t\t\t\t\t\t\t\t<p class=\"h4\">Agenda conducerii AJOFM Bistri\u0163a &#8211; N\u0103s\u0103ud<\/p>\n\t\t\t\t\t\t\t\t\t\t\t\t\t\t\t<span>15\/11\/2018<\/span>\n\t\t\t\t\t\t<\/a>\n\t\t\t\t\t<\/li>\n\t\t\t\t\t\t\t\t\t<\/ul>\n\t\t\t\t","protected":false},"excerpt":{"rendered":"<p>Conducere ANGELA KOOS Director Executiv Consiliu consultativ Nr. crt. Nume \u0219i prenume Institu\u021bia reprezentat\u0103 1 URATE FLAVIU INSTITU\u0162IA PREFECTULUI JUDETUL BISTRITA-NASAUD 2 BOR\u015e ALEXANDRINA CRINA CONSILIUL JUDE\u0162EAN BISTRITA-NASAUD 3 PARASCA<\/p>\n","protected":false},"author":1,"featured_media":0,"parent":0,"menu_order":60,"comment_status":"closed","ping_status":"closed","template":"template-parts\/content-with-sidebar.php","meta":{"footnotes":""},"class_list":["post-2163","page","type-page","status-publish","hentry"],"_links":{"self":[{"href":"https:\/\/www.anofm.ro\/bistrita-nasaud\/wp-json\/wp\/v2\/pages\/2163","targetHints":{"allow":["GET"]}}],"collection":[{"href":"https:\/\/www.anofm.ro\/bistrita-nasaud\/wp-json\/wp\/v2\/pages"}],"about":[{"href":"https:\/\/www.anofm.ro\/bistrita-nasaud\/wp-json\/wp\/v2\/types\/page"}],"author":[{"embeddable":true,"href":"https:\/\/www.anofm.ro\/bistrita-nasaud\/wp-json\/wp\/v2\/users\/1"}],"replies":[{"embeddable":true,"href":"https:\/\/www.anofm.ro\/bistrita-nasaud\/wp-json\/wp\/v2\/comments?post=2163"}],"version-history":[{"count":7,"href":"https:\/\/www.anofm.ro\/bistrita-nasaud\/wp-json\/wp\/v2\/pages\/2163\/revisions"}],"predecessor-version":[{"id":4985,"href":"https:\/\/www.anofm.ro\/bistrita-nasaud\/wp-json\/wp\/v2\/pages\/2163\/revisions\/4985"}],"wp:attachment":[{"href":"https:\/\/www.anofm.ro\/bistrita-nasaud\/wp-json\/wp\/v2\/media?parent=2163"}],"curies":[{"name":"wp","href":"https:\/\/api.w.org\/{rel}","templated":true}]}}